{"id":331,"date":"2023-12-21T14:25:53","date_gmt":"2023-12-21T13:25:53","guid":{"rendered":"https:\/\/ina-zuma.ch\/politica-de-privacidade\/"},"modified":"2023-12-21T14:31:56","modified_gmt":"2023-12-21T13:31:56","slug":"politica-de-privacidade","status":"publish","type":"page","link":"https:\/\/ina-zuma.ch\/pt-pt\/politica-de-privacidade\/","title":{"rendered":"Pol\u00edtica de privacidade"},"content":{"rendered":"<h2 class=\"wp-block-heading\">Sobre n\u00f3s<\/h2><p><strong class=\"privacy-policy-tutorial\">Texto sugerido: <\/strong>O endere\u00e7o do nosso s\u00edtio Web \u00e9: https:\/\/ina-zuma.ch.<\/p><h2 class=\"wp-block-heading\">Coment\u00e1rios<\/h2><p><strong class=\"privacy-policy-tutorial\">Texto sugerido: <\/strong>Quando os visitantes deixam coment\u00e1rios no s\u00edtio, recolhemos os dados apresentados no formul\u00e1rio de coment\u00e1rio, para al\u00e9m do endere\u00e7o IP do visitante e da cadeia de agentes do utilizador do navegador, para facilitar a detec\u00e7\u00e3o de spam.<\/p><p>Uma cadeia an\u00f3nima criada a partir do seu endere\u00e7o de correio electr\u00f3nico (tamb\u00e9m conhecida como hash) pode ser fornecida ao servi\u00e7o Gravatar para verificar se o est\u00e1 a utilizar. A pol\u00edtica de privacidade do servi\u00e7o Gravatar est\u00e1 dispon\u00edvel aqui: https:\/\/automattic.com\/privacy\/. Ap\u00f3s a aprova\u00e7\u00e3o do seu coment\u00e1rio, a sua fotografia de perfil fica vis\u00edvel publicamente no contexto do seu coment\u00e1rio.<\/p><h2 class=\"wp-block-heading\">Media<\/h2><p><strong class=\"privacy-policy-tutorial\">Texto sugerido: <\/strong>Se carregar imagens no s\u00edtio Web, deve evitar carregar imagens que incluam dados de posi\u00e7\u00e3o incorporados (EXIF GPS). Os visitantes do s\u00edtio Web podem descarregar e extrair quaisquer dados de localiza\u00e7\u00e3o das imagens no s\u00edtio Web.<\/p><h2 class=\"wp-block-heading\">Biscoitos<\/h2><p><strong class=\"privacy-policy-tutorial\">Texto sugerido: <\/strong>Se deixar um coment\u00e1rio no nosso s\u00edtio, pode optar por guardar o seu nome, endere\u00e7o de correio electr\u00f3nico e s\u00edtio Web nos cookies. S\u00e3o utilizados para sua conveni\u00eancia, para que n\u00e3o tenha de voltar a introduzir os seus dados quando deixar outro coment\u00e1rio. Estas bolachas duram um ano.<\/p><p>Se o utilizador visitar a p\u00e1gina de in\u00edcio de sess\u00e3o, ser\u00e1 definido um cookie tempor\u00e1rio para determinar se o seu browser aceita cookies. Este cookie n\u00e3o cont\u00e9m dados pessoais e \u00e9 eliminado quando o utilizador fecha o browser.<\/p><p>Quando iniciar sess\u00e3o, ser\u00e3o definidos v\u00e1rios cookies para guardar as suas informa\u00e7\u00f5es de in\u00edcio de sess\u00e3o e op\u00e7\u00f5es de visualiza\u00e7\u00e3o do ecr\u00e3. Os cookies de in\u00edcio de sess\u00e3o duram dois dias, enquanto os cookies de op\u00e7\u00f5es de ecr\u00e3 duram um ano. Se seleccionar &#8220;Lembrar-me&#8221;, o seu acesso persistir\u00e1 durante duas semanas. Se terminar a sess\u00e3o na sua conta, os cookies de in\u00edcio de sess\u00e3o ser\u00e3o removidos.<\/p><p>Se editar ou publicar um artigo, ser\u00e1 guardado um cookie adicional no seu browser. Este cookie n\u00e3o inclui quaisquer dados pessoais, mas indica simplesmente o ID do artigo que acabou de ser modificado. Expira ap\u00f3s 1 dia.<\/p><h2 class=\"wp-block-heading\">Conte\u00fado incorporado de outros s\u00edtios Web<\/h2><p><strong class=\"privacy-policy-tutorial\">Texto sugerido: <\/strong>Os artigos deste s\u00edtio podem incluir conte\u00fados incorporados (por exemplo, v\u00eddeos, imagens, artigos, etc.). O conte\u00fado incorporado de outros s\u00edtios Web comporta-se exactamente da mesma forma como se o visitante tivesse visitado o outro s\u00edtio Web.<\/p><p>Estes s\u00edtios Web podem recolher dados sobre o utilizador, utilizar cookies, integrar rastreio adicional de terceiros e monitorizar a sua interac\u00e7\u00e3o com os mesmos, incluindo o rastreio da sua interac\u00e7\u00e3o com conte\u00fados incorporados se tiver uma conta e estiver ligado a esses s\u00edtios Web.<\/p><h2 class=\"wp-block-heading\">Com quem partilhamos os seus dados<\/h2><p><strong class=\"privacy-policy-tutorial\">Texto sugerido: <\/strong>Se solicitar uma redefini\u00e7\u00e3o da palavra-passe, o seu endere\u00e7o IP ser\u00e1 inclu\u00eddo na mensagem de correio electr\u00f3nico de redefini\u00e7\u00e3o.<\/p><h2 class=\"wp-block-heading\">Durante quanto tempo conservamos os seus dados<\/h2><p><strong class=\"privacy-policy-tutorial\">Texto sugerido: <\/strong>Se deixar um coment\u00e1rio, o coment\u00e1rio e os seus metadados s\u00e3o guardados indefinidamente. Desta forma, podemos reconhecer e aprovar automaticamente todos os coment\u00e1rios subsequentes, em vez de os manter numa fila de modera\u00e7\u00e3o.<\/p><p>Para os utilizadores que se registam no nosso s\u00edtio Web (se for o caso), tamb\u00e9m guardamos as informa\u00e7\u00f5es pessoais que fornecem no seu perfil de utilizador. Todos os utilizadores podem ver, modificar ou apagar as suas informa\u00e7\u00f5es pessoais em qualquer altura (excepto o seu nome de utilizador, que n\u00e3o pode ser alterado). Os administradores do s\u00edtio Web tamb\u00e9m podem ver e editar estas informa\u00e7\u00f5es.<\/p><h2 class=\"wp-block-heading\">Que direitos tem sobre os seus dados<\/h2><p><strong class=\"privacy-policy-tutorial\">Texto sugerido: <\/strong>Se tiver uma conta neste s\u00edtio, ou se tiver deixado coment\u00e1rios, pode pedir para receber um ficheiro exportado do s\u00edtio com os dados pessoais que temos sobre si, incluindo os dados que nos forneceu. Pode tamb\u00e9m solicitar a elimina\u00e7\u00e3o de todos os dados pessoais que lhe digam respeito. Isto n\u00e3o inclui os dados que somos obrigados a manter para fins administrativos, legais ou de seguran\u00e7a.<\/p><h2 class=\"wp-block-heading\">Para onde s\u00e3o enviados os seus dados<\/h2><p><strong class=\"privacy-policy-tutorial\">Texto sugerido: <\/strong>Os coment\u00e1rios dos visitantes podem ser verificados atrav\u00e9s de um servi\u00e7o autom\u00e1tico de detec\u00e7\u00e3o de spam.<\/p>","protected":false},"excerpt":{"rendered":"<p>Sobre n\u00f3s Texto sugerido: O endere\u00e7o do nosso s\u00edtio Web \u00e9: https:\/\/ina-zuma.ch. Coment\u00e1rios Texto sugerido: Quando os visitantes deixam coment\u00e1rios no s\u00edtio, recolhemos os dados apresentados no formul\u00e1rio de coment\u00e1rio, para al\u00e9m do endere\u00e7o IP do visitante e da cadeia de agentes do utilizador do navegador, para facilitar a detec\u00e7\u00e3o de spam. Uma cadeia an\u00f3nima [&hellip;]<\/p>\n","protected":false},"author":13,"featured_media":0,"parent":0,"menu_order":0,"comment_status":"closed","ping_status":"open","template":"","meta":{"_seopress_robots_primary_cat":"","_seopress_titles_title":"","_seopress_titles_desc":"","_seopress_robots_index":"","footnotes":""},"class_list":["post-331","page","type-page","status-publish","hentry"],"_links":{"self":[{"href":"https:\/\/ina-zuma.ch\/pt-pt\/wp-json\/wp\/v2\/pages\/331","targetHints":{"allow":["GET"]}}],"collection":[{"href":"https:\/\/ina-zuma.ch\/pt-pt\/wp-json\/wp\/v2\/pages"}],"about":[{"href":"https:\/\/ina-zuma.ch\/pt-pt\/wp-json\/wp\/v2\/types\/page"}],"author":[{"embeddable":true,"href":"https:\/\/ina-zuma.ch\/pt-pt\/wp-json\/wp\/v2\/users\/13"}],"replies":[{"embeddable":true,"href":"https:\/\/ina-zuma.ch\/pt-pt\/wp-json\/wp\/v2\/comments?post=331"}],"version-history":[{"count":0,"href":"https:\/\/ina-zuma.ch\/pt-pt\/wp-json\/wp\/v2\/pages\/331\/revisions"}],"wp:attachment":[{"href":"https:\/\/ina-zuma.ch\/pt-pt\/wp-json\/wp\/v2\/media?parent=331"}],"curies":[{"name":"wp","href":"https:\/\/api.w.org\/{rel}","templated":true}]}}